{"id":116,"date":"2023-04-16T16:37:41","date_gmt":"2023-04-16T14:37:41","guid":{"rendered":"https:\/\/www.fondazioniorlando.ch\/?page_id=116"},"modified":"2023-07-13T13:21:58","modified_gmt":"2023-07-13T11:21:58","slug":"stiftung-bruno-e-paola-orlando","status":"publish","type":"page","link":"https:\/\/www.fondazioniorlando.ch\/it\/fondazione-bruno-e-paola-orlando\/","title":{"rendered":"Fondazione Bruno e Paola Orlando"},"content":{"rendered":"<div data-elementor-type=\"wp-page\" data-elementor-id=\"116\" class=\"elementor elementor-116\" data-elementor-post-type=\"page\">\n\t\t\t\t\t\t<section class=\"elementor-section elementor-top-section elementor-element elementor-element-c76cc5a elementor-section-full_width elementor-reverse-tablet elementor-reverse-mobile elementor-section-height-default elementor-section-height-default\" data-id=\"c76cc5a\" data-element_type=\"section\">\n\t\t\t\t\t\t<div class=\"elementor-container elementor-column-gap-no\">\n\t\t\t\t\t<div class=\"elementor-column elementor-col-50 elementor-top-column elementor-element elementor-element-290e1c9\" data-id=\"290e1c9\" data-element_type=\"column\">\n\t\t\t<div class=\"elementor-widget-wrap elementor-element-populated\">\n\t\t\t\t\t\t<section class=\"elementor-section elementor-inner-section elementor-element elementor-element-b44acab elementor-section-full_width elementor-section-height-default elementor-section-height-default\" data-id=\"b44acab\" data-element_type=\"section\">\n\t\t\t\t\t\t<div class=\"elementor-container elementor-column-gap-no\">\n\t\t\t\t\t<div class=\"elementor-column elementor-col-100 elementor-inner-column elementor-element elementor-element-9449a81\" data-id=\"9449a81\" data-element_type=\"column\">\n\t\t\t<div class=\"elementor-widget-wrap elementor-element-populated\">\n\t\t\t\t\t\t<div class=\"elementor-element elementor-element-bf26733 elementor-widget elementor-widget-heading\" data-id=\"bf26733\" data-element_type=\"widget\" data-widget_type=\"heading.default\">\n\t\t\t\t<div class=\"elementor-widget-container\">\n\t\t\t<h3 class=\"elementor-heading-title elementor-size-default\"><a href=\"https:\/\/www.fondazioniorlando.ch\/it\/\">FONDAZIONI ORLANDO<\/a><\/h3>\t\t<\/div>\n\t\t\t\t<\/div>\n\t\t\t\t\t<\/div>\n\t\t<\/div>\n\t\t\t\t\t<\/div>\n\t\t<\/section>\n\t\t\t\t<section class=\"elementor-section elementor-inner-section elementor-element elementor-element-4c5c5cc elementor-section-full_width elementor-section-height-min-height elementor-section-content-middle elementor-section-height-default\" data-id=\"4c5c5cc\" data-element_type=\"section\">\n\t\t\t\t\t\t<div class=\"elementor-container elementor-column-gap-no\">\n\t\t\t\t\t<div class=\"elementor-column elementor-col-100 elementor-inner-column elementor-element elementor-element-31ee598\" data-id=\"31ee598\" data-element_type=\"column\">\n\t\t\t<div class=\"elementor-widget-wrap elementor-element-populated\">\n\t\t\t\t\t\t<div class=\"elementor-element elementor-element-3f480a8 animated-slow elementor-invisible elementor-widget elementor-widget-heading\" data-id=\"3f480a8\" data-element_type=\"widget\" data-settings=\"{&quot;_animation&quot;:&quot;fadeIn&quot;}\" data-widget_type=\"heading.default\">\n\t\t\t\t<div class=\"elementor-widget-container\">\n\t\t\t<h1 class=\"elementor-heading-title elementor-size-default\">Fondazione Bruno e Paola Orlando <\/h1>\t\t<\/div>\n\t\t\t\t<\/div>\n\t\t\t\t<div class=\"elementor-element elementor-element-6c133cc elementor-widget elementor-widget-heading\" data-id=\"6c133cc\" data-element_type=\"widget\" data-widget_type=\"heading.default\">\n\t\t\t\t<div class=\"elementor-widget-container\">\n\t\t\t<h6 class=\"elementor-heading-title elementor-size-default\">Aree di sostegno\n<\/h6>\t\t<\/div>\n\t\t\t\t<\/div>\n\t\t\t\t<div class=\"elementor-element elementor-element-0604dbd elementor-widget elementor-widget-text-editor\" data-id=\"0604dbd\" data-element_type=\"widget\" data-widget_type=\"text-editor.default\">\n\t\t\t\t<div class=\"elementor-widget-container\">\n\t\t\t\t\t\t\t<p>La Fondazione Bruno e Paola Orlando accetta richieste che rientrano nelle seguenti aree:<\/p>\t\t\t\t\t\t<\/div>\n\t\t\t\t<\/div>\n\t\t\t\t<div class=\"elementor-element elementor-element-67fe5c6 elementor-icon-list--layout-traditional elementor-list-item-link-full_width elementor-widget elementor-widget-icon-list\" data-id=\"67fe5c6\" data-element_type=\"widget\" data-widget_type=\"icon-list.default\">\n\t\t\t\t<div class=\"elementor-widget-container\">\n\t\t\t\t\t<ul class=\"elementor-icon-list-items\">\n\t\t\t\t\t\t\t<li class=\"elementor-icon-list-item\">\n\t\t\t\t\t\t\t\t\t\t\t<span class=\"elementor-icon-list-icon\">\n\t\t\t\t\t\t\t<i aria-hidden=\"true\" class=\"fas fa-check\"><\/i>\t\t\t\t\t\t<\/span>\n\t\t\t\t\t\t\t\t\t\t<span class=\"elementor-icon-list-text\">Formazione e ricerca nei campi dell\u2019ingegneria\/navigazione\/protezione del territorio<\/span>\n\t\t\t\t\t\t\t\t\t<\/li>\n\t\t\t\t\t\t\t\t<li class=\"elementor-icon-list-item\">\n\t\t\t\t\t\t\t\t\t\t\t<span class=\"elementor-icon-list-icon\">\n\t\t\t\t\t\t\t<i aria-hidden=\"true\" class=\"fas fa-check\"><\/i>\t\t\t\t\t\t<\/span>\n\t\t\t\t\t\t\t\t\t\t<span class=\"elementor-icon-list-text\">Arte e musica<\/span>\n\t\t\t\t\t\t\t\t\t<\/li>\n\t\t\t\t\t\t\t\t<li class=\"elementor-icon-list-item\">\n\t\t\t\t\t\t\t\t\t\t\t<span class=\"elementor-icon-list-icon\">\n\t\t\t\t\t\t\t<i aria-hidden=\"true\" class=\"fas fa-check\"><\/i>\t\t\t\t\t\t<\/span>\n\t\t\t\t\t\t\t\t\t\t<span class=\"elementor-icon-list-text\">Tutela delle aree naturali, anche in relazione al turismo<\/span>\n\t\t\t\t\t\t\t\t\t<\/li>\n\t\t\t\t\t\t<\/ul>\n\t\t\t\t<\/div>\n\t\t\t\t<\/div>\n\t\t\t\t<div class=\"elementor-element elementor-element-826b951 elementor-widget elementor-widget-global elementor-global-172 elementor-widget-spacer\" data-id=\"826b951\" data-element_type=\"widget\" data-widget_type=\"spacer.default\">\n\t\t\t\t<div class=\"elementor-widget-container\">\n\t\t\t\t\t<div class=\"elementor-spacer\">\n\t\t\t<div class=\"elementor-spacer-inner\"><\/div>\n\t\t<\/div>\n\t\t\t\t<\/div>\n\t\t\t\t<\/div>\n\t\t\t\t<div class=\"elementor-element elementor-element-b43a896 elementor-widget elementor-widget-text-editor\" data-id=\"b43a896\" data-element_type=\"widget\" data-widget_type=\"text-editor.default\">\n\t\t\t\t<div class=\"elementor-widget-container\">\n\t\t\t\t\t\t\t\t\t\t\t\t\t<\/div>\n\t\t\t\t<\/div>\n\t\t\t\t<div class=\"elementor-element elementor-element-a577839 elementor-widget elementor-widget-heading\" data-id=\"a577839\" data-element_type=\"widget\" data-widget_type=\"heading.default\">\n\t\t\t\t<div class=\"elementor-widget-container\">\n\t\t\t<h6 class=\"elementor-heading-title elementor-size-default\">Criteri formali per la presentazione di una richiesta<\/h6>\t\t<\/div>\n\t\t\t\t<\/div>\n\t\t\t\t<div class=\"elementor-element elementor-element-755804c elementor-icon-list--layout-traditional elementor-list-item-link-full_width elementor-widget elementor-widget-icon-list\" data-id=\"755804c\" data-element_type=\"widget\" data-widget_type=\"icon-list.default\">\n\t\t\t\t<div class=\"elementor-widget-container\">\n\t\t\t\t\t<ul class=\"elementor-icon-list-items\">\n\t\t\t\t\t\t\t<li class=\"elementor-icon-list-item\">\n\t\t\t\t\t\t\t\t\t\t\t<span class=\"elementor-icon-list-icon\">\n\t\t\t\t\t\t\t<i aria-hidden=\"true\" class=\"fas fa-dot-circle\"><\/i>\t\t\t\t\t\t<\/span>\n\t\t\t\t\t\t\t\t\t\t<span class=\"elementor-icon-list-text\">Modulo di richiesta<\/span>\n\t\t\t\t\t\t\t\t\t<\/li>\n\t\t\t\t\t\t\t\t<li class=\"elementor-icon-list-item\">\n\t\t\t\t\t\t\t\t\t\t\t<span class=\"elementor-icon-list-icon\">\n\t\t\t\t\t\t\t<i aria-hidden=\"true\" class=\"fas fa-dot-circle\"><\/i>\t\t\t\t\t\t<\/span>\n\t\t\t\t\t\t\t\t\t\t<span class=\"elementor-icon-list-text\">Lettera di accompagnamento con motivazione chiara e comprensibile (max. 2 pagine)<\/span>\n\t\t\t\t\t\t\t\t\t<\/li>\n\t\t\t\t\t\t\t\t<li class=\"elementor-icon-list-item\">\n\t\t\t\t\t\t\t\t\t\t\t<span class=\"elementor-icon-list-icon\">\n\t\t\t\t\t\t\t<i aria-hidden=\"true\" class=\"fas fa-dot-circle\"><\/i>\t\t\t\t\t\t<\/span>\n\t\t\t\t\t\t\t\t\t\t<span class=\"elementor-icon-list-text\">Allegati al modulo di richiesta<\/span>\n\t\t\t\t\t\t\t\t\t<\/li>\n\t\t\t\t\t\t<\/ul>\n\t\t\t\t<\/div>\n\t\t\t\t<\/div>\n\t\t\t\t<div class=\"elementor-element elementor-element-44254f2 elementor-widget elementor-widget-text-editor\" data-id=\"44254f2\" data-element_type=\"widget\" data-widget_type=\"text-editor.default\">\n\t\t\t\t<div class=\"elementor-widget-container\">\n\t\t\t\t\t\t\t<p>Lingua: tedesco o italiano<\/p><p>La richiesta \u00e8 da inviare con tutti gli allegati via e-mail (1 PDF) o per posta. Sono da evitare graffette e rilegature, \u00e8 richiesto un formato semplice.<\/p>\t\t\t\t\t\t<\/div>\n\t\t\t\t<\/div>\n\t\t\t\t<div class=\"elementor-element elementor-element-f4a7cf8 elementor-widget elementor-widget-global elementor-global-172 elementor-widget-spacer\" data-id=\"f4a7cf8\" data-element_type=\"widget\" data-widget_type=\"spacer.default\">\n\t\t\t\t<div class=\"elementor-widget-container\">\n\t\t\t\t\t<div class=\"elementor-spacer\">\n\t\t\t<div class=\"elementor-spacer-inner\"><\/div>\n\t\t<\/div>\n\t\t\t\t<\/div>\n\t\t\t\t<\/div>\n\t\t\t\t<div class=\"elementor-element elementor-element-49c03e7 elementor-widget elementor-widget-text-editor\" data-id=\"49c03e7\" data-element_type=\"widget\" data-widget_type=\"text-editor.default\">\n\t\t\t\t<div class=\"elementor-widget-container\">\n\t\t\t\t\t\t\t<p><strong>Il consiglio della fondazione si riunisce tre volte all'anno.<\/strong><\/p><p><span style=\"text-decoration: underline;\">Termini di presentazione delle richieste<\/span><\/p><p>15. maggio per la sessione estiva<br \/>15. settembre per la sessione autunnale<br \/>15. gennaio per la sessione primaverile<\/p><p>La presentazione di una richiesta di sostegno \u00e8 considerata anche quale dichiarazione di consenso all'archiviazione e al trattamento dei dati personali da parte della Fondazione secondo le disposizioni di legge.<\/p><p>Una richiesta di sostegno pu\u00f2 essere respinta senza fornire motivazioni. I richiedenti riceveranno una notifica scritta dopo la decisione del consiglio di fondazione.<\/p>\t\t\t\t\t\t<\/div>\n\t\t\t\t<\/div>\n\t\t\t\t<div class=\"elementor-element elementor-element-944d12b elementor-widget elementor-widget-global elementor-global-172 elementor-widget-spacer\" data-id=\"944d12b\" data-element_type=\"widget\" data-widget_type=\"spacer.default\">\n\t\t\t\t<div class=\"elementor-widget-container\">\n\t\t\t\t\t<div class=\"elementor-spacer\">\n\t\t\t<div class=\"elementor-spacer-inner\"><\/div>\n\t\t<\/div>\n\t\t\t\t<\/div>\n\t\t\t\t<\/div>\n\t\t\t\t<div class=\"elementor-element elementor-element-71042b5 elementor-icon-list--layout-traditional elementor-list-item-link-full_width elementor-widget elementor-widget-icon-list\" data-id=\"71042b5\" data-element_type=\"widget\" data-widget_type=\"icon-list.default\">\n\t\t\t\t<div class=\"elementor-widget-container\">\n\t\t\t\t\t<ul class=\"elementor-icon-list-items\">\n\t\t\t\t\t\t\t<li class=\"elementor-icon-list-item\">\n\t\t\t\t\t\t\t\t\t\t\t<a href=\"https:\/\/www.fondazioniorlando.ch\/wp-content\/uploads\/2023\/07\/FO_Modulo-di-richiesta_Fondazione_Bruno_e_Paola_Orlando-RZ-IT.pdf\" target=\"_blank\">\n\n\t\t\t\t\t\t\t\t\t\t\t\t<span class=\"elementor-icon-list-icon\">\n\t\t\t\t\t\t\t<i aria-hidden=\"true\" class=\"far fa-file-pdf\"><\/i>\t\t\t\t\t\t<\/span>\n\t\t\t\t\t\t\t\t\t\t<span class=\"elementor-icon-list-text\">Scarica il modulo di richiesta Fondazione Bruno e Paola Orlando<\/span>\n\t\t\t\t\t\t\t\t\t\t\t<\/a>\n\t\t\t\t\t\t\t\t\t<\/li>\n\t\t\t\t\t\t<\/ul>\n\t\t\t\t<\/div>\n\t\t\t\t<\/div>\n\t\t\t\t<div class=\"elementor-element elementor-element-34ced3a elementor-widget elementor-widget-global elementor-global-172 elementor-widget-spacer\" data-id=\"34ced3a\" data-element_type=\"widget\" data-widget_type=\"spacer.default\">\n\t\t\t\t<div class=\"elementor-widget-container\">\n\t\t\t\t\t<div class=\"elementor-spacer\">\n\t\t\t<div class=\"elementor-spacer-inner\"><\/div>\n\t\t<\/div>\n\t\t\t\t<\/div>\n\t\t\t\t<\/div>\n\t\t\t\t<div class=\"elementor-element elementor-element-fd9e757 elementor-widget elementor-widget-heading\" data-id=\"fd9e757\" data-element_type=\"widget\" data-widget_type=\"heading.default\">\n\t\t\t\t<div class=\"elementor-widget-container\">\n\t\t\t<h6 class=\"elementor-heading-title elementor-size-default\">Fondazione Bruno e Paola Orlando<\/h6>\t\t<\/div>\n\t\t\t\t<\/div>\n\t\t\t\t<div class=\"elementor-element elementor-element-e7f1ea5 elementor-widget elementor-widget-text-editor\" data-id=\"e7f1ea5\" data-element_type=\"widget\" data-widget_type=\"text-editor.default\">\n\t\t\t\t<div class=\"elementor-widget-container\">\n\t\t\t\t\t\t\t<p>c\/o Fabrizio Visinoni<br \/>Via Foppas 25, 7513 Silvaplana-Surlej<\/p>\t\t\t\t\t\t<\/div>\n\t\t\t\t<\/div>\n\t\t\t\t<div class=\"elementor-element elementor-element-681c60e elementor-widget elementor-widget-text-editor\" data-id=\"681c60e\" data-element_type=\"widget\" data-widget_type=\"text-editor.default\">\n\t\t\t\t<div class=\"elementor-widget-container\">\n\t\t\t\t\t\t\tTelefono: <a href=\"tel: 41818370000\">+41 81 837 00 00<\/a><br>\nE-mail: <a href=\"mailto:\"office@fondazioniorlando.ch\">office@fondazioniorlando.ch<\/a>\n\n\t\t\t\t\t\t<\/div>\n\t\t\t\t<\/div>\n\t\t\t\t\t<\/div>\n\t\t<\/div>\n\t\t\t\t\t<\/div>\n\t\t<\/section>\n\t\t\t\t<section class=\"elementor-section elementor-inner-section elementor-element elementor-element-ececcec elementor-section-full_width elementor-section-height-default elementor-section-height-default\" data-id=\"ececcec\" data-element_type=\"section\">\n\t\t\t\t\t\t<div class=\"elementor-container elementor-column-gap-no\">\n\t\t\t\t\t<div class=\"elementor-column elementor-col-100 elementor-inner-column elementor-element elementor-element-c7675c8\" data-id=\"c7675c8\" data-element_type=\"column\">\n\t\t\t<div class=\"elementor-widget-wrap elementor-element-populated\">\n\t\t\t\t\t\t<div class=\"elementor-element elementor-element-256f721 elementor-widget__width-auto elementor-widget-mobile__width-inherit elementor-widget elementor-widget-text-editor\" data-id=\"256f721\" data-element_type=\"widget\" data-widget_type=\"text-editor.default\">\n\t\t\t\t<div class=\"elementor-widget-container\">\n\t\t\t\t\t\t\t\u00a9 2026 Fondazioni Orlando \t\t\t\t\t\t<\/div>\n\t\t\t\t<\/div>\n\t\t\t\t<div class=\"elementor-element elementor-element-5d72917 elementor-widget__width-auto elementor-widget-mobile__width-inherit elementor-hidden-mobile elementor-widget elementor-widget-text-editor\" data-id=\"5d72917\" data-element_type=\"widget\" data-widget_type=\"text-editor.default\">\n\t\t\t\t<div class=\"elementor-widget-container\">\n\t\t\t\t\t\t\t| Made with <a href=\"https:\/\/www.design-terminal.com\/\" target=\"_blank\" rel=\"noopener\">\u2665<\/a> by <a href=\"https:\/\/www.design-terminal.com\/\" target=\"_blank\" rel=\"noopener\">Design Terminal<\/a>\t\t\t\t\t\t<\/div>\n\t\t\t\t<\/div>\n\t\t\t\t<div class=\"elementor-element elementor-element-239428b elementor-widget__width-auto elementor-widget-mobile__width-inherit elementor-hidden-desktop elementor-hidden-tablet elementor-widget elementor-widget-text-editor\" data-id=\"239428b\" data-element_type=\"widget\" data-widget_type=\"text-editor.default\">\n\t\t\t\t<div class=\"elementor-widget-container\">\n\t\t\t\t\t\t\t<p>fatto con <a href=\"https:\/\/www.design-terminal.com\/\" target=\"_blank\" rel=\"noopener\">\u2665<\/a> by <a href=\"https:\/\/www.design-terminal.com\/\" target=\"_blank\" rel=\"noopener\">Design Terminal<\/a><\/p>\t\t\t\t\t\t<\/div>\n\t\t\t\t<\/div>\n\t\t\t\t\t<\/div>\n\t\t<\/div>\n\t\t\t\t\t<\/div>\n\t\t<\/section>\n\t\t\t\t\t<\/div>\n\t\t<\/div>\n\t\t\t\t<div class=\"elementor-column elementor-col-50 elementor-top-column elementor-element elementor-element-76ce561\" data-id=\"76ce561\" data-element_type=\"column\" data-settings=\"{&quot;background_background&quot;:&quot;slideshow&quot;,&quot;background_slideshow_gallery&quot;:[{&quot;id&quot;:133,&quot;url&quot;:&quot;https:\\\/\\\/www.fondazioniorlando.ch\\\/wp-content\\\/uploads\\\/2023\\\/04\\\/chris-abney-gvb84QdErNs-unsplash.jpg&quot;},{&quot;id&quot;:278,&quot;url&quot;:&quot;https:\\\/\\\/www.fondazioniorlando.ch\\\/wp-content\\\/uploads\\\/2023\\\/04\\\/pexels-felix-mittermeier-957024-2.jpg&quot;}],&quot;background_slideshow_transition_duration&quot;:2500,&quot;background_slideshow_slide_duration&quot;:10000,&quot;background_slideshow_loop&quot;:&quot;yes&quot;,&quot;background_slideshow_slide_transition&quot;:&quot;fade&quot;}\">\n\t\t\t<div class=\"elementor-widget-wrap elementor-element-populated\">\n\t\t\t\t\t\t<div class=\"elementor-element elementor-element-730e3c4 elementor-widget elementor-widget-spacer\" data-id=\"730e3c4\" data-element_type=\"widget\" data-widget_type=\"spacer.default\">\n\t\t\t\t<div class=\"elementor-widget-container\">\n\t\t\t\t\t<div class=\"elementor-spacer\">\n\t\t\t<div class=\"elementor-spacer-inner\"><\/div>\n\t\t<\/div>\n\t\t\t\t<\/div>\n\t\t\t\t<\/div>\n\t\t\t\t\t<\/div>\n\t\t<\/div>\n\t\t\t\t\t<\/div>\n\t\t<\/section>\n\t\t\t\t<\/div>","protected":false},"excerpt":{"rendered":"<p>FONDAZIONI ORLANDO Stiftung Bruno e Paola Orlando Unterst\u00fctzungsbereiche Die Stiftung Bruno e Paola Orlando nimmt Unterst\u00fctzungsantr\u00e4ge an, die in folgende Bereiche fallen: Ingenieurswesen \/ Schiffsfahrt \/ Schutz des Territoriums Kunst und Musik Schutz von Naturgebiete, auch in Zusammenhang mit Tourismus Formale Kriterien f\u00fcr die Einreichung eines Gesuchs Gesuchsformular Begleitschreiben mit klarer und verst\u00e4ndlicher Begr\u00fcndung (max. [&hellip;]<\/p>","protected":false},"author":2,"featured_media":0,"parent":0,"menu_order":0,"comment_status":"closed","ping_status":"closed","template":"","meta":[],"yoast_head":"<!-- This site is optimized with the Yoast SEO plugin v21.5 - https:\/\/yoast.com\/wordpress\/plugins\/seo\/ -->\n<title>Stiftung Bruno e Paola Orlando - FONDAZIONI ORLANDO<\/title>\n<meta name=\"robots\" content=\"index, follow, max-snippet:-1, max-image-preview:large, max-video-preview:-1\" \/>\n<link rel=\"canonical\" href=\"https:\/\/www.fondazioniorlando.ch\/it\/fondazione-bruno-e-paola-orlando\/\" \/>\n<meta property=\"og:locale\" content=\"it_IT\" \/>\n<meta property=\"og:type\" content=\"article\" \/>\n<meta property=\"og:title\" content=\"Stiftung Bruno e Paola Orlando - FONDAZIONI ORLANDO\" \/>\n<meta property=\"og:description\" content=\"FONDAZIONI ORLANDO Stiftung Bruno e Paola Orlando Unterst\u00fctzungsbereiche Die Stiftung Bruno e Paola Orlando nimmt Unterst\u00fctzungsantr\u00e4ge an, die in folgende Bereiche fallen: Ingenieurswesen \/ Schiffsfahrt \/ Schutz des Territoriums Kunst und Musik Schutz von Naturgebiete, auch in Zusammenhang mit Tourismus Formale Kriterien f\u00fcr die Einreichung eines Gesuchs Gesuchsformular Begleitschreiben mit klarer und verst\u00e4ndlicher Begr\u00fcndung (max. [&hellip;]\" \/>\n<meta property=\"og:url\" content=\"https:\/\/www.fondazioniorlando.ch\/it\/fondazione-bruno-e-paola-orlando\/\" \/>\n<meta property=\"og:site_name\" content=\"FONDAZIONI ORLANDO\" \/>\n<meta property=\"article:modified_time\" content=\"2023-07-13T11:21:58+00:00\" \/>\n<meta name=\"twitter:card\" content=\"summary_large_image\" \/>\n<meta name=\"twitter:label1\" content=\"Tempo di lettura stimato\" \/>\n\t<meta name=\"twitter:data1\" content=\"2 minuti\" \/>\n<script type=\"application\/ld+json\" class=\"yoast-schema-graph\">{\"@context\":\"https:\/\/schema.org\",\"@graph\":[{\"@type\":\"WebPage\",\"@id\":\"https:\/\/www.fondazioniorlando.ch\/stiftung-bruno-e-paola-orlando\/\",\"url\":\"https:\/\/www.fondazioniorlando.ch\/stiftung-bruno-e-paola-orlando\/\",\"name\":\"Stiftung Bruno e Paola Orlando - FONDAZIONI ORLANDO\",\"isPartOf\":{\"@id\":\"https:\/\/www.fondazioniorlando.ch\/#website\"},\"datePublished\":\"2023-04-16T14:37:41+00:00\",\"dateModified\":\"2023-07-13T11:21:58+00:00\",\"breadcrumb\":{\"@id\":\"https:\/\/www.fondazioniorlando.ch\/stiftung-bruno-e-paola-orlando\/#breadcrumb\"},\"inLanguage\":\"it-IT\",\"potentialAction\":[{\"@type\":\"ReadAction\",\"target\":[\"https:\/\/www.fondazioniorlando.ch\/stiftung-bruno-e-paola-orlando\/\"]}]},{\"@type\":\"BreadcrumbList\",\"@id\":\"https:\/\/www.fondazioniorlando.ch\/stiftung-bruno-e-paola-orlando\/#breadcrumb\",\"itemListElement\":[{\"@type\":\"ListItem\",\"position\":1,\"name\":\"Startseite\",\"item\":\"https:\/\/www.fondazioniorlando.ch\/\"},{\"@type\":\"ListItem\",\"position\":2,\"name\":\"Stiftung Bruno e Paola Orlando\"}]},{\"@type\":\"WebSite\",\"@id\":\"https:\/\/www.fondazioniorlando.ch\/#website\",\"url\":\"https:\/\/www.fondazioniorlando.ch\/\",\"name\":\"FONDAZIONI ORLANDO\",\"description\":\"mit den beiden Stiftungen &quot;BPO&quot; und &quot;Bruno e Paola Orlando&quot;\",\"potentialAction\":[{\"@type\":\"SearchAction\",\"target\":{\"@type\":\"EntryPoint\",\"urlTemplate\":\"https:\/\/www.fondazioniorlando.ch\/?s={search_term_string}\"},\"query-input\":\"required name=search_term_string\"}],\"inLanguage\":\"it-IT\"}]}<\/script>\n<!-- \/ Yoast SEO plugin. -->","yoast_head_json":{"title":"Stiftung Bruno e Paola Orlando - FONDAZIONI ORLANDO","robots":{"index":"index","follow":"follow","max-snippet":"max-snippet:-1","max-image-preview":"max-image-preview:large","max-video-preview":"max-video-preview:-1"},"canonical":"https:\/\/www.fondazioniorlando.ch\/it\/fondazione-bruno-e-paola-orlando\/","og_locale":"it_IT","og_type":"article","og_title":"Stiftung Bruno e Paola Orlando - FONDAZIONI ORLANDO","og_description":"FONDAZIONI ORLANDO Stiftung Bruno e Paola Orlando Unterst\u00fctzungsbereiche Die Stiftung Bruno e Paola Orlando nimmt Unterst\u00fctzungsantr\u00e4ge an, die in folgende Bereiche fallen: Ingenieurswesen \/ Schiffsfahrt \/ Schutz des Territoriums Kunst und Musik Schutz von Naturgebiete, auch in Zusammenhang mit Tourismus Formale Kriterien f\u00fcr die Einreichung eines Gesuchs Gesuchsformular Begleitschreiben mit klarer und verst\u00e4ndlicher Begr\u00fcndung (max. [&hellip;]","og_url":"https:\/\/www.fondazioniorlando.ch\/it\/fondazione-bruno-e-paola-orlando\/","og_site_name":"FONDAZIONI ORLANDO","article_modified_time":"2023-07-13T11:21:58+00:00","twitter_card":"summary_large_image","twitter_misc":{"Tempo di lettura stimato":"2 minuti"},"schema":{"@context":"https:\/\/schema.org","@graph":[{"@type":"WebPage","@id":"https:\/\/www.fondazioniorlando.ch\/stiftung-bruno-e-paola-orlando\/","url":"https:\/\/www.fondazioniorlando.ch\/stiftung-bruno-e-paola-orlando\/","name":"Stiftung Bruno e Paola Orlando - FONDAZIONI ORLANDO","isPartOf":{"@id":"https:\/\/www.fondazioniorlando.ch\/#website"},"datePublished":"2023-04-16T14:37:41+00:00","dateModified":"2023-07-13T11:21:58+00:00","breadcrumb":{"@id":"https:\/\/www.fondazioniorlando.ch\/stiftung-bruno-e-paola-orlando\/#breadcrumb"},"inLanguage":"it-IT","potentialAction":[{"@type":"ReadAction","target":["https:\/\/www.fondazioniorlando.ch\/stiftung-bruno-e-paola-orlando\/"]}]},{"@type":"BreadcrumbList","@id":"https:\/\/www.fondazioniorlando.ch\/stiftung-bruno-e-paola-orlando\/#breadcrumb","itemListElement":[{"@type":"ListItem","position":1,"name":"Startseite","item":"https:\/\/www.fondazioniorlando.ch\/"},{"@type":"ListItem","position":2,"name":"Stiftung Bruno e Paola Orlando"}]},{"@type":"WebSite","@id":"https:\/\/www.fondazioniorlando.ch\/#website","url":"https:\/\/www.fondazioniorlando.ch\/","name":"FONDAZIONI ORLANDO","description":"mit den beiden Stiftungen &quot;BPO&quot; und &quot;Bruno e Paola Orlando&quot;","potentialAction":[{"@type":"SearchAction","target":{"@type":"EntryPoint","urlTemplate":"https:\/\/www.fondazioniorlando.ch\/?s={search_term_string}"},"query-input":"required name=search_term_string"}],"inLanguage":"it-IT"}]}},"_links":{"self":[{"href":"https:\/\/www.fondazioniorlando.ch\/it\/wp-json\/wp\/v2\/pages\/116"}],"collection":[{"href":"https:\/\/www.fondazioniorlando.ch\/it\/wp-json\/wp\/v2\/pages"}],"about":[{"href":"https:\/\/www.fondazioniorlando.ch\/it\/wp-json\/wp\/v2\/types\/page"}],"author":[{"embeddable":true,"href":"https:\/\/www.fondazioniorlando.ch\/it\/wp-json\/wp\/v2\/users\/2"}],"replies":[{"embeddable":true,"href":"https:\/\/www.fondazioniorlando.ch\/it\/wp-json\/wp\/v2\/comments?post=116"}],"version-history":[{"count":55,"href":"https:\/\/www.fondazioniorlando.ch\/it\/wp-json\/wp\/v2\/pages\/116\/revisions"}],"predecessor-version":[{"id":418,"href":"https:\/\/www.fondazioniorlando.ch\/it\/wp-json\/wp\/v2\/pages\/116\/revisions\/418"}],"wp:attachment":[{"href":"https:\/\/www.fondazioniorlando.ch\/it\/wp-json\/wp\/v2\/media?parent=116"}],"curies":[{"name":"wp","href":"https:\/\/api.w.org\/{rel}","templated":true}]}}